{"id":209,"date":"2015-04-12T16:37:26","date_gmt":"2015-04-12T16:37:26","guid":{"rendered":"http:\/\/malpaisediciones.com\/sitio\/?post_type=portfolio&#038;p=209"},"modified":"2025-07-08T21:55:47","modified_gmt":"2025-07-09T02:55:47","slug":"patologia-del-ser-ramon-martinez-ocaranza","status":"publish","type":"portfolio","link":"http:\/\/malpaisediciones.com\/sitio\/portfolio\/patologia-del-ser-ramon-martinez-ocaranza\/","title":{"rendered":"Patolog\u00eda del ser"},"content":{"rendered":"<p><strong>Ram\u00f3n Mart\u00ednez Ocaranza<\/strong><\/p>\n<p>\u201cRam\u00f3n Mart\u00ednez Ocaranza pertenece a la esfera de los que asumen su trascendencia de la vida p\u00fablica, en comunidad. Pese a ello, su obra no es m\u00e1s clara a los o\u00eddos del amplio p\u00fablico. En <em>Patolog\u00eda del ser<\/em> tenemos un lenguaje marcadamente oscuro, plagado de alusiones filos\u00f3ficas, teol\u00f3gicas y literarias que no son f\u00e1ciles de desentra\u00f1ar. Aunque \u00e9l no se asumir\u00eda \u2014bajo su propia terminolog\u00eda\u2014 como un poeta intelectual, queda en este volumen la tentativa de conjuntar las dos esferas que parec\u00edan imposibles de unir: la tradici\u00f3n herm\u00e9tica y la vocaci\u00f3n social y cr\u00edtica [\u2026] Poco conocido entre el amplio p\u00fablico, pero fervorosamente le\u00eddo entre un reducido n\u00famero de personas, as\u00ed es Ram\u00f3n Mart\u00ednez Ocaranza. Su obra, como muchas otras, confirma que en M\u00e9xico tendemos a dejar fuera de la historia literaria a los poco convencionales, a los que no se ajustan a la norma.\u201d Israel Ram\u00edrez.<\/p>\n<p>208 pp \/ 10.5 x 16 cm<\/p>\n<p><strong>ISBN: 978-607-96628-3-7<\/strong><\/p>\n<p><a class=\"btnComprar\" href=\"https:\/\/malpaisediciones.com\/sitio\/producto\/patologia-del-ser\/\">Comprar<\/a><\/p>\n","protected":false},"excerpt":{"rendered":"<p>Ram\u00f3n Mart\u00ednez Ocaranza \u201cRam\u00f3n Mart\u00ednez Ocaranza pertenece a la esfera de los que asumen su trascendencia de la vida p\u00fablica, en comunidad. Pese a ello, su obra no es m\u00e1s clara a los o\u00eddos del amplio p\u00fablico. En Patolog\u00eda del ser tenemos un lenguaje marcadamente oscuro, plagado de alusiones filos\u00f3ficas, teol\u00f3gicas y literarias que no&#8230;<\/p>\n","protected":false},"author":1,"featured_media":197,"comment_status":"closed","ping_status":"closed","template":"","meta":{"_acf_changed":false,"footnotes":""},"portfolio_category":[54,50],"class_list":["post-209","portfolio","type-portfolio","status-publish","has-post-thumbnail","hentry","portfolio_category-archivo-negro","portfolio_category-poesia"],"acf":[],"_links":{"self":[{"href":"http:\/\/malpaisediciones.com\/sitio\/wp-json\/wp\/v2\/portfolio\/209","targetHints":{"allow":["GET"]}}],"collection":[{"href":"http:\/\/malpaisediciones.com\/sitio\/wp-json\/wp\/v2\/portfolio"}],"about":[{"href":"http:\/\/malpaisediciones.com\/sitio\/wp-json\/wp\/v2\/types\/portfolio"}],"author":[{"embeddable":true,"href":"http:\/\/malpaisediciones.com\/sitio\/wp-json\/wp\/v2\/users\/1"}],"replies":[{"embeddable":true,"href":"http:\/\/malpaisediciones.com\/sitio\/wp-json\/wp\/v2\/comments?post=209"}],"version-history":[{"count":4,"href":"http:\/\/malpaisediciones.com\/sitio\/wp-json\/wp\/v2\/portfolio\/209\/revisions"}],"predecessor-version":[{"id":4235,"href":"http:\/\/malpaisediciones.com\/sitio\/wp-json\/wp\/v2\/portfolio\/209\/revisions\/4235"}],"wp:featuredmedia":[{"embeddable":true,"href":"http:\/\/malpaisediciones.com\/sitio\/wp-json\/wp\/v2\/media\/197"}],"wp:attachment":[{"href":"http:\/\/malpaisediciones.com\/sitio\/wp-json\/wp\/v2\/media?parent=209"}],"wp:term":[{"taxonomy":"portfolio_category","embeddable":true,"href":"http:\/\/malpaisediciones.com\/sitio\/wp-json\/wp\/v2\/portfolio_category?post=209"}],"curies":[{"name":"wp","href":"https:\/\/api.w.org\/{rel}","templated":true}]}}