{"id":211,"date":"2015-04-12T16:40:59","date_gmt":"2015-04-12T16:40:59","guid":{"rendered":"http:\/\/malpaisediciones.com\/sitio\/?post_type=portfolio&#038;p=211"},"modified":"2025-07-08T21:59:12","modified_gmt":"2025-07-09T02:59:12","slug":"poema-nuevo-alfredo-cardona-pena","status":"publish","type":"portfolio","link":"http:\/\/malpaisediciones.com\/sitio\/portfolio\/poema-nuevo-alfredo-cardona-pena\/","title":{"rendered":"Poema nuevo"},"content":{"rendered":"<p><strong>Alfredo Cardona Pe\u00f1a<\/strong><\/p>\n<p>\u201cPoes\u00eda del porvenir, de lo que habr\u00e1 de acontecer. Es un poema social, pero no un poema revolucionario, no llama a la sedici\u00f3n sino que da cuenta el estado que podr\u00eda alcanzar el hombre en una vida social com\u00fan, lejos de los que golpean el mundo, lejos de los que explotan, lejos de esos a los que se dirigi\u00f3 en primer lugar. En consonancia con muchos de sus contempor\u00e1neos y de la tradici\u00f3n elegida por ellos, es un poema de una utop\u00eda que s\u00ed tiene lugar, o que al menos se habita a s\u00ed misma en su escritura\u201d. Roberto Cruz Arzabal.<\/p>\n<p>96 pp \/ 10.5 x 16 cm<\/p>\n<p><strong>ISBN: 978-607-96628-8-2<\/strong><\/p>\n<p><a class=\"btnComprar\" href=\"https:\/\/malpaisediciones.com\/sitio\/producto\/poema-nuevo\/\">Comprar<\/a><\/p>\n","protected":false},"excerpt":{"rendered":"<p>Alfredo Cardona Pe\u00f1a \u201cPoes\u00eda del porvenir, de lo que habr\u00e1 de acontecer. Es un poema social, pero no un poema revolucionario, no llama a la sedici\u00f3n sino que da cuenta el estado que podr\u00eda alcanzar el hombre en una vida social com\u00fan, lejos de los que golpean el mundo, lejos de los que explotan, lejos&#8230;<\/p>\n","protected":false},"author":1,"featured_media":200,"comment_status":"closed","ping_status":"closed","template":"","meta":{"_acf_changed":false,"footnotes":""},"portfolio_category":[54,50],"class_list":["post-211","portfolio","type-portfolio","status-publish","has-post-thumbnail","hentry","portfolio_category-archivo-negro","portfolio_category-poesia"],"acf":[],"_links":{"self":[{"href":"http:\/\/malpaisediciones.com\/sitio\/wp-json\/wp\/v2\/portfolio\/211","targetHints":{"allow":["GET"]}}],"collection":[{"href":"http:\/\/malpaisediciones.com\/sitio\/wp-json\/wp\/v2\/portfolio"}],"about":[{"href":"http:\/\/malpaisediciones.com\/sitio\/wp-json\/wp\/v2\/types\/portfolio"}],"author":[{"embeddable":true,"href":"http:\/\/malpaisediciones.com\/sitio\/wp-json\/wp\/v2\/users\/1"}],"replies":[{"embeddable":true,"href":"http:\/\/malpaisediciones.com\/sitio\/wp-json\/wp\/v2\/comments?post=211"}],"version-history":[{"count":4,"href":"http:\/\/malpaisediciones.com\/sitio\/wp-json\/wp\/v2\/portfolio\/211\/revisions"}],"predecessor-version":[{"id":4237,"href":"http:\/\/malpaisediciones.com\/sitio\/wp-json\/wp\/v2\/portfolio\/211\/revisions\/4237"}],"wp:featuredmedia":[{"embeddable":true,"href":"http:\/\/malpaisediciones.com\/sitio\/wp-json\/wp\/v2\/media\/200"}],"wp:attachment":[{"href":"http:\/\/malpaisediciones.com\/sitio\/wp-json\/wp\/v2\/media?parent=211"}],"wp:term":[{"taxonomy":"portfolio_category","embeddable":true,"href":"http:\/\/malpaisediciones.com\/sitio\/wp-json\/wp\/v2\/portfolio_category?post=211"}],"curies":[{"name":"wp","href":"https:\/\/api.w.org\/{rel}","templated":true}]}}